{"id":87,"date":"2020-07-03T19:01:42","date_gmt":"2020-07-03T17:01:42","guid":{"rendered":"https:\/\/coulonges-cohan.enneite.fr\/?page_id=87"},"modified":"2025-10-07T21:27:02","modified_gmt":"2025-10-07T19:27:02","slug":"histoire","status":"publish","type":"page","link":"https:\/\/coulonges-cohan.enneite.fr\/index.php\/histoire\/","title":{"rendered":"Histoire"},"content":{"rendered":"\t\t<div data-elementor-type=\"wp-page\" data-elementor-id=\"87\" class=\"elementor elementor-87\">\n\t\t\t\t\t\t<section class=\"elementor-section elementor-top-section elementor-element elementor-element-3c806ab elementor-section-stretched elementor-section-boxed elementor-section-height-default elementor-section-height-default\" data-id=\"3c806ab\" data-element_type=\"section\" data-e-type=\"section\" data-settings=\"{&quot;stretch_section&quot;:&quot;section-stretched&quot;}\">\n\t\t\t\t\t\t<div class=\"elementor-container elementor-column-gap-default\">\n\t\t\t\t\t<div class=\"elementor-column elementor-col-100 elementor-top-column elementor-element elementor-element-ba4efd0\" data-id=\"ba4efd0\" data-element_type=\"column\" data-e-type=\"column\">\n\t\t\t<div class=\"elementor-widget-wrap elementor-element-populated\">\n\t\t\t\t\t\t<div class=\"elementor-element elementor-element-9ee3000 elementor-widget elementor-widget-heading\" data-id=\"9ee3000\" data-element_type=\"widget\" data-e-type=\"widget\" data-widget_type=\"heading.default\">\n\t\t\t\t<div class=\"elementor-widget-container\">\n\t\t\t\t\t<h2 class=\"elementor-heading-title elementor-size-default\">D\u00e9couvrir l'histoire de Coulonges-Cohan<\/h2>\t\t\t\t<\/div>\n\t\t\t\t<\/div>\n\t\t\t\t\t<\/div>\n\t\t<\/div>\n\t\t\t\t\t<\/div>\n\t\t<\/section>\n\t\t\t\t<section class=\"elementor-section elementor-top-section elementor-element elementor-element-5ee3976 elementor-section-stretched elementor-section-content-middle elementor-section-boxed elementor-section-height-default elementor-section-height-default\" data-id=\"5ee3976\" data-element_type=\"section\" data-e-type=\"section\" data-settings=\"{&quot;stretch_section&quot;:&quot;section-stretched&quot;}\">\n\t\t\t\t\t\t<div class=\"elementor-container elementor-column-gap-default\">\n\t\t\t\t\t<div class=\"elementor-column elementor-col-50 elementor-top-column elementor-element elementor-element-bc69c01\" data-id=\"bc69c01\" data-element_type=\"column\" data-e-type=\"column\">\n\t\t\t<div class=\"elementor-widget-wrap elementor-element-populated\">\n\t\t\t\t\t\t<div class=\"elementor-element elementor-element-13539c4 elementor-widget elementor-widget-text-editor\" data-id=\"13539c4\" data-element_type=\"widget\" data-e-type=\"widget\" data-widget_type=\"text-editor.default\">\n\t\t\t\t<div class=\"elementor-widget-container\">\n\t\t\t\t\t\t\t\t\t<p><span style=\"color: #7a7979;\">D\u00e9couvrez le fascicule \u00e9dit\u00e9 par l&rsquo;association \u00ab\u00a0Coulonges-Cohan un autre regard\u00a0\u00bb, qui vous propose une promenade-d\u00e9couverte de Coulonges-Cohan au travers de 15 panneaux explicatifs pr\u00e9sentant la riche histoire et le riche patrimoine de la commune.<\/span><br \/><span style=\"color: #7a7979;\">Une petite balade de 45 minutes sur 2 km, avec des options pour rallonger le circuit pour les amateurs.<\/span><br \/><span style=\"color: #7a7979;\"><strong>Le fascicule est t\u00e9l\u00e9chargeable gratuitement en cliquant sur l&rsquo;image ci-contre.<\/strong> La version papier est en vente \u00e0 1 euro au bureau de poste ou \u00e0 l&rsquo;Auberge de la Roue Fleurie \u00e0 Coulonges-Cohan.<\/span><\/p>\t\t\t\t\t\t\t\t<\/div>\n\t\t\t\t<\/div>\n\t\t\t\t\t<\/div>\n\t\t<\/div>\n\t\t\t\t<div class=\"elementor-column elementor-col-50 elementor-top-column elementor-element elementor-element-b3e6164\" data-id=\"b3e6164\" data-element_type=\"column\" data-e-type=\"column\">\n\t\t\t<div class=\"elementor-widget-wrap elementor-element-populated\">\n\t\t\t\t\t\t<div class=\"elementor-element elementor-element-637d9e8 elementor-widget elementor-widget-image\" data-id=\"637d9e8\" data-element_type=\"widget\" data-e-type=\"widget\" data-widget_type=\"image.default\">\n\t\t\t\t<div class=\"elementor-widget-container\">\n\t\t\t\t\t\t\t\t\t\t\t\t\t\t\t\t<a href=\"https:\/\/coulonges-cohan.enneite.fr\/wp-content\/uploads\/2020\/07\/Circuit20dE9couverte20de20Coulonges2.pdf\" target=\"_blank\">\n\t\t\t\t\t\t\t<img fetchpriority=\"high\" decoding=\"async\" width=\"580\" height=\"824\" src=\"https:\/\/coulonges-cohan.enneite.fr\/wp-content\/uploads\/2020\/07\/fascicule-721x1024.jpg\" class=\"attachment-large size-large wp-image-118\" alt=\"illustration fascicule coulonges\" srcset=\"https:\/\/coulonges-cohan.enneite.fr\/wp-content\/uploads\/2020\/07\/fascicule-721x1024.jpg 721w, https:\/\/coulonges-cohan.enneite.fr\/wp-content\/uploads\/2020\/07\/fascicule-211x300.jpg 211w, https:\/\/coulonges-cohan.enneite.fr\/wp-content\/uploads\/2020\/07\/fascicule-768x1090.jpg 768w, https:\/\/coulonges-cohan.enneite.fr\/wp-content\/uploads\/2020\/07\/fascicule.jpg 901w\" sizes=\"(max-width: 580px) 100vw, 580px\" \/>\t\t\t\t\t\t\t\t<\/a>\n\t\t\t\t\t\t\t\t\t\t\t\t\t\t\t<\/div>\n\t\t\t\t<\/div>\n\t\t\t\t\t<\/div>\n\t\t<\/div>\n\t\t\t\t\t<\/div>\n\t\t<\/section>\n\t\t\t\t<section class=\"elementor-section elementor-top-section elementor-element elementor-element-219bd66 elementor-section-stretched elementor-section-content-middle elementor-section-boxed elementor-section-height-default elementor-section-height-default\" data-id=\"219bd66\" data-element_type=\"section\" data-e-type=\"section\" data-settings=\"{&quot;stretch_section&quot;:&quot;section-stretched&quot;}\">\n\t\t\t\t\t\t<div class=\"elementor-container elementor-column-gap-default\">\n\t\t\t\t\t<div class=\"elementor-column elementor-col-50 elementor-top-column elementor-element elementor-element-c11d6df\" data-id=\"c11d6df\" data-element_type=\"column\" data-e-type=\"column\">\n\t\t\t<div class=\"elementor-widget-wrap elementor-element-populated\">\n\t\t\t\t\t\t<div class=\"elementor-element elementor-element-2cd5d84 elementor-widget elementor-widget-image\" data-id=\"2cd5d84\" data-element_type=\"widget\" data-e-type=\"widget\" data-widget_type=\"image.default\">\n\t\t\t\t<div class=\"elementor-widget-container\">\n\t\t\t\t\t\t\t\t\t\t\t\t\t\t\t\t<a href=\"https:\/\/coulonges-cohan.enneite.fr\/wp-content\/uploads\/2020\/07\/Les-morts-de-Coulonges-complet.pdf\" target=\"_blank\">\n\t\t\t\t\t\t\t<img decoding=\"async\" width=\"580\" height=\"791\" src=\"https:\/\/coulonges-cohan.enneite.fr\/wp-content\/uploads\/2020\/07\/poilus-751x1024.jpg\" class=\"attachment-large size-large wp-image-119\" alt=\"illustration livret sur les poilus\" srcset=\"https:\/\/coulonges-cohan.enneite.fr\/wp-content\/uploads\/2020\/07\/poilus-751x1024.jpg 751w, https:\/\/coulonges-cohan.enneite.fr\/wp-content\/uploads\/2020\/07\/poilus-220x300.jpg 220w, https:\/\/coulonges-cohan.enneite.fr\/wp-content\/uploads\/2020\/07\/poilus-768x1048.jpg 768w, https:\/\/coulonges-cohan.enneite.fr\/wp-content\/uploads\/2020\/07\/poilus.jpg 983w\" sizes=\"(max-width: 580px) 100vw, 580px\" \/>\t\t\t\t\t\t\t\t<\/a>\n\t\t\t\t\t\t\t\t\t\t\t\t\t\t\t<\/div>\n\t\t\t\t<\/div>\n\t\t\t\t\t<\/div>\n\t\t<\/div>\n\t\t\t\t<div class=\"elementor-column elementor-col-50 elementor-top-column elementor-element elementor-element-eb6bee7\" data-id=\"eb6bee7\" data-element_type=\"column\" data-e-type=\"column\">\n\t\t\t<div class=\"elementor-widget-wrap elementor-element-populated\">\n\t\t\t\t\t\t<div class=\"elementor-element elementor-element-09bacc6 elementor-widget elementor-widget-text-editor\" data-id=\"09bacc6\" data-element_type=\"widget\" data-e-type=\"widget\" data-widget_type=\"text-editor.default\">\n\t\t\t\t<div class=\"elementor-widget-container\">\n\t\t\t\t\t\t\t\t\t<p><span style=\"color: #7a7979;\">Situ\u00e9s \u00e0 mi-distance entre la vall\u00e9e de la Marne et le Chemin des Dames, au c\u0153ur d&rsquo;un triangle form\u00e9 par les villes de Reims, Soissons et Ch\u00e2teau-Thierry, Coulonges et Cohan ont \u00e9t\u00e9 aux premi\u00e8res loges pendant la premi\u00e8re guerre mondiale et ont pay\u00e9 un lourd tribu, qui reste cependant relatif face \u00e0 certains autres villages compl\u00e8tement ray\u00e9s de la carte suite aux combats.<\/span><br \/><span style=\"color: #7a7979;\">En septembre 2016, l&rsquo;association \u00ab\u00a0Coulonges-Cohan un autre regard\u00a0\u00bb a d\u00e9cid\u00e9 de faire sortir de l&rsquo;ombre les soldats dont le nom figure sur le monument aux morts, en leur redonnant vie au travers de leur histoire romanc\u00e9e.<\/span><br \/><strong><span style=\"color: #7a7979;\">Le fascicule est t\u00e9l\u00e9chargeable gratuitement en cliquant sur l&rsquo;image ci-contre.<\/span><\/strong><\/p>\t\t\t\t\t\t\t\t<\/div>\n\t\t\t\t<\/div>\n\t\t\t\t\t<\/div>\n\t\t<\/div>\n\t\t\t\t\t<\/div>\n\t\t<\/section>\n\t\t\t\t<section class=\"elementor-section elementor-top-section elementor-element elementor-element-6f82230 elementor-section-stretched elementor-section-boxed elementor-section-height-default elementor-section-height-default\" data-id=\"6f82230\" data-element_type=\"section\" data-e-type=\"section\" data-settings=\"{&quot;stretch_section&quot;:&quot;section-stretched&quot;}\">\n\t\t\t\t\t\t<div class=\"elementor-container elementor-column-gap-default\">\n\t\t\t\t\t<div class=\"elementor-column elementor-col-100 elementor-top-column elementor-element elementor-element-bf6b004\" data-id=\"bf6b004\" data-element_type=\"column\" data-e-type=\"column\">\n\t\t\t<div class=\"elementor-widget-wrap elementor-element-populated\">\n\t\t\t\t\t\t<div class=\"elementor-element elementor-element-e59ea2c elementor-widget__width-initial elementor-widget elementor-widget-text-editor\" data-id=\"e59ea2c\" data-element_type=\"widget\" data-e-type=\"widget\" data-widget_type=\"text-editor.default\">\n\t\t\t\t<div class=\"elementor-widget-container\">\n\t\t\t\t\t\t\t\t\t<p><a href=\"https:\/\/coulonges-cohan.enneite.fr\/wp-content\/uploads\/2025\/10\/Compil-Souvenirs-de-guerre.pdf\"><img alt=\"\" decoding=\"async\" class=\"alignleft wp-image-2522\" src=\"https:\/\/coulonges-cohan.enneite.fr\/wp-content\/uploads\/2025\/10\/guerre.jpg\" alt=\"\" width=\"2000\" height=\"2844\" srcset=\"https:\/\/coulonges-cohan.enneite.fr\/wp-content\/uploads\/2025\/10\/guerre.jpg 595w, https:\/\/coulonges-cohan.enneite.fr\/wp-content\/uploads\/2025\/10\/guerre-211x300.jpg 211w\" sizes=\"(max-width: 2000px) 100vw, 2000px\" \/><\/a><\/p><p>A l&rsquo;occasion du 80e anniversaire de la lib\u00e9ration de Coulonges et Cohan le 28 ao\u00fbt 1944, l&rsquo;association Coulonges-Cohan un autre regard a \u00e9dit\u00e9 un livret regroupant les souvenirs d&rsquo;anciens du village qui ont connu cette p\u00e9riode sombre de l&rsquo;histoire.\u00a0<\/p><p><strong>T\u00e9l\u00e9chargez le fascicule en cliquant sur l&rsquo;image ci-contre<\/strong><\/p>\t\t\t\t\t\t\t\t<\/div>\n\t\t\t\t<\/div>\n\t\t\t\t\t<\/div>\n\t\t<\/div>\n\t\t\t\t\t<\/div>\n\t\t<\/section>\n\t\t\t\t<section class=\"elementor-section elementor-top-section elementor-element elementor-element-01859af elementor-section-stretched elementor-section-boxed elementor-section-height-default elementor-section-height-default\" data-id=\"01859af\" data-element_type=\"section\" data-e-type=\"section\" data-settings=\"{&quot;stretch_section&quot;:&quot;section-stretched&quot;}\">\n\t\t\t\t\t\t<div class=\"elementor-container elementor-column-gap-default\">\n\t\t\t\t\t<div class=\"elementor-column elementor-col-100 elementor-top-column elementor-element elementor-element-3b8f3ca\" data-id=\"3b8f3ca\" data-element_type=\"column\" data-e-type=\"column\">\n\t\t\t<div class=\"elementor-widget-wrap elementor-element-populated\">\n\t\t\t\t\t\t<div class=\"elementor-element elementor-element-b837a82 elementor-widget elementor-widget-text-editor\" data-id=\"b837a82\" data-element_type=\"widget\" data-e-type=\"widget\" data-widget_type=\"text-editor.default\">\n\t\t\t\t<div class=\"elementor-widget-container\">\n\t\t\t\t\t\t\t\t\t<h4><span style=\"color: #7a7979;\">L&rsquo;histoire de Coulonges<\/span><\/h4><p><span style=\"color: #7a7979;\">Les premi\u00e8res mentions de Coulonges remontent au temps des romains car l&rsquo;origine du mot Coulonges est le mot \u00ab\u00a0Colungae\u00a0\u00bb qui veut dire collines. Notre village est nich\u00e9 en effet au creux des collines et travers\u00e9 par l&rsquo;Orillon une jolie petite rivi\u00e8re. Les principaux hameau rattach\u00e9s \u00e0 la commune sont Chamery, Villom\u00e9, Party, Reddy, Moncel, Mortefontaine, les Neaux et Courteaux .<\/span><\/p><p><span style=\"color: #7a7979;\">La commune de Coulonges s\u2019est appel\u00e9e Coulonges-en-Tardenois \u00e0 partir du 1er juin 1956, puis a fusionn\u00e9 avec celle de Cohan, en 1971, se d\u00e9nommant d\u00e8s lors Coulonges-Cohan. Les seigneurs de Coulonges appartinrent \u00e0 la famille des Bazoches, d\u00e8s le XIIe si\u00e8cle, puis \u00e0 partir du XVIe si\u00e8cle aux comtes de Braine, puis aux Bouthillier de Chavigny. Le bourg de Cohan fut donn\u00e9 par l\u2019abbaye de Marmoutier \u00e0 l\u2019\u00e9glise de Reims et fut domin\u00e9 par les m\u00eames seigneurs que Coulonges \u00e0 partir du XVIe si\u00e8cle. L\u2019\u00e9glise Saint-Rufin-et- Saint-Val\u00e8re poss\u00e8de une nef \u00e0 collat\u00e9raux, un transept occidental, un transept oriental et une abside du XVIe si\u00e8cle et des chapiteaux sculpt\u00e9s. Les ruines du manoir de Rognac conservent un donjon carr\u00e9, une porte fortifi\u00e9e et un ancien four banal. \u00c0 Chamery, un monument comm\u00e9moratif a \u00e9t\u00e9 \u00e9rig\u00e9 en l\u2019honneur du lieutenant Quentin Roosevelt, fils de l\u2019ancien pr\u00e9sident des Etats-Unis, tu\u00e9 en combat a\u00e9rien le 14 juillet 1918.Sur son lit de mort, Th\u00e9odore Roosevelt avait demand\u00e9 que le montant du prix Nobel qui lui avait \u00e9t\u00e9 attribu\u00e9 en 1905 soit d\u00e9di\u00e9 \u00e0 sa construction ; son \u00e9pouse souhaita lui donner une utilit\u00e9 publique. L\u2019ancien abreuvoir fut donc transform\u00e9 en fontaine publique \u00e0 la m\u00e9moire de leur fils.<\/span><\/p>\t\t\t\t\t\t\t\t<\/div>\n\t\t\t\t<\/div>\n\t\t\t\t<div class=\"elementor-element elementor-element-13e0549 elementor-widget elementor-widget-text-editor\" data-id=\"13e0549\" data-element_type=\"widget\" data-e-type=\"widget\" data-widget_type=\"text-editor.default\">\n\t\t\t\t<div class=\"elementor-widget-container\">\n\t\t\t\t\t\t\t\t\t<h4><span style=\"color: #7a7979;\">MONOGRAPHIE DE COULONGES EN TARDENOIS par Adonia VALISSIANT :<\/span><\/h4>\n<span style=\"color: #7a7979;\">Cet insituteur qui a travaill\u00e9 de nombreuses ann\u00e9es \u00e0 Coulonges Cohan \u00e0 la fin du XIXe si\u00e8cle a retrac\u00e9 durant de longues ann\u00e9es de recherche, toute l&rsquo;histoire du village jusqu&rsquo;\u00e0 l&rsquo;aube du XXe si\u00e8cle. Son ouvrage a \u00e9t\u00e9 r\u00e9\u00e9dit\u00e9 en 2010 par les \u00e9ditions Le livre d&rsquo;histoire (<span style=\"text-decoration: underline;\"><a style=\"color: #7a7979; text-decoration: underline;text-decoration-color: #CD2653;\" href=\"http:\/\/www.histo.com\" target=\"_blank\" rel=\"noopener\">http:\/\/www.histo.com<\/a><\/span>).<\/span>\n\n<span style=\"color: #7a7979;\">L\u2019ouvrage d\u00e9bute par les origines de Coulonges, avec saint Rufin et saint Val\u00e8re, qui ont \u00e9vang\u00e9lis\u00e9 la r\u00e9gion et sont morts en martyrs, la f\u00e9odalit\u00e9, l\u2019origine des seigneurs de Coulonges, l\u2019\u00e9glise, Party, Mortfontaine. Il d\u00e9crit ensuite la vie d\u2019un habitant de Coulonges sous la f\u00e9odalit\u00e9, ainsi que Blanche de Navarre, les seigneurs, la maladrerie, la guerre de Cent Ans, la reconstruction du ch\u00e2teau de Rognac, l\u2019ali\u00e9nation du domaine de Coulonges, les droits g\u00e9n\u00e9raux de la baronnie de Rognac, le ch\u00e2teau de Courteaux, les droits g\u00e9n\u00e9raux de la seigneurie de Courteaux. L\u2019auteur continue son \u00e9tude avec les guerres de Religion, l\u2019hiver de 1565 \u00e0 1566, le tremblement de terre de 1580, Coulonges de 1590 \u00e0 1643, la Fronde, l\u2019ali\u00e9nation des bois communaux, la mar\u00e9chale de Cl\u00e9rambault, la fondation du vicariat, les hivers de 1709 et 1740, les seigneurs de Coulonges, le baron de Plessen, la mis\u00e8re de 1775, Villom\u00e9, la sorcellerie, le proc\u00e8s entre les gros d\u00e9cimateurs et les habitants de Coulonges. Il inventorie l\u2019\u00e9tat des d\u00eemes dues au cur\u00e9 de Coulonges en 1771, l\u2019\u00e9tat des d\u00eemes dues aux religieux b\u00e9n\u00e9dictins de Saint-Thibault, les revenus annuels de la cure, les biens de l\u2019\u00e9glise, les biens des moines de Saint-Yved de Braisne, les faits divers \u00e0 la fin du XVIIIe si\u00e8cle et donne un extrait des registres de l\u2019\u00e9tat civil. Adonia Valissant \u00e9tudie ensuite la p\u00e9riode de la R\u00e9volution, la vente des biens du clerg\u00e9, le proc\u00e8s entre les habitants de Coulonges et Madame d\u2019Orvill\u00e9, l\u2019abolition du culte catholique et l\u2019abb\u00e9 Deleville, l\u2019abattage de la fl\u00e8che du clocher, la r\u00e9volte des femmes de Coulonges, le premier partage de terrains vagues \u00e0 Chamery. Il \u00e9voque les assignats, les accaparements, le prix des denr\u00e9es en 1790 et en 1794, la main-d\u2019oeuvre, l\u2019\u00e9tat des r\u00e9quisitions, puis la r\u00e9ouverture de l\u2019\u00e9glise, la f\u00eate de l\u2019empereur Napol\u00e9on Ier, les cosaques \u00e0 Coulonges, la mis\u00e8re en 1816. Il raconte ensuite la guerre de 1870, une aventure tragi-comique, la f\u00eate nationale, un prix Montyon, le cyclone du 18 juin 1897. Il donne les noms des familles de 1600 \u00e0 1850, des seigneurs de Coulonges et de Villom\u00e9, des notaires, des maires, des instituteurs, des cur\u00e9s, des m\u00e9decins\u2026<\/span>\t\t\t\t\t\t\t\t<\/div>\n\t\t\t\t<\/div>\n\t\t\t\t\t<\/div>\n\t\t<\/div>\n\t\t\t\t\t<\/div>\n\t\t<\/section>\n\t\t\t\t<\/div>\n\t\t","protected":false},"excerpt":{"rendered":"<p>D\u00e9couvrir l&rsquo;histoire de Coulonges-Cohan D\u00e9couvrez le fascicule \u00e9dit\u00e9 par l&rsquo;association \u00ab\u00a0Coulonges-Cohan un autre regard\u00a0\u00bb, qui vous propose une promenade-d\u00e9couverte de Coulonges-Cohan au travers de 15 panneaux explicatifs pr\u00e9sentant la riche histoire et le riche patrimoine de la commune.Une petite balade de 45 minutes sur 2 km, avec des options pour rallonger le circuit pour les [&hellip;]<\/p>\n","protected":false},"author":1,"featured_media":0,"parent":0,"menu_order":0,"comment_status":"closed","ping_status":"closed","template":"","meta":{"_seopress_robots_primary_cat":"","_seopress_titles_title":"","_seopress_titles_desc":"","_seopress_robots_index":"","_seopress_analysis_target_kw":"","footnotes":""},"class_list":["post-87","page","type-page","status-publish","hentry"],"_links":{"self":[{"href":"https:\/\/coulonges-cohan.enneite.fr\/index.php\/wp-json\/wp\/v2\/pages\/87","targetHints":{"allow":["GET"]}}],"collection":[{"href":"https:\/\/coulonges-cohan.enneite.fr\/index.php\/wp-json\/wp\/v2\/pages"}],"about":[{"href":"https:\/\/coulonges-cohan.enneite.fr\/index.php\/wp-json\/wp\/v2\/types\/page"}],"author":[{"embeddable":true,"href":"https:\/\/coulonges-cohan.enneite.fr\/index.php\/wp-json\/wp\/v2\/users\/1"}],"replies":[{"embeddable":true,"href":"https:\/\/coulonges-cohan.enneite.fr\/index.php\/wp-json\/wp\/v2\/comments?post=87"}],"version-history":[{"count":16,"href":"https:\/\/coulonges-cohan.enneite.fr\/index.php\/wp-json\/wp\/v2\/pages\/87\/revisions"}],"predecessor-version":[{"id":2526,"href":"https:\/\/coulonges-cohan.enneite.fr\/index.php\/wp-json\/wp\/v2\/pages\/87\/revisions\/2526"}],"wp:attachment":[{"href":"https:\/\/coulonges-cohan.enneite.fr\/index.php\/wp-json\/wp\/v2\/media?parent=87"}],"curies":[{"name":"wp","href":"https:\/\/api.w.org\/{rel}","templated":true}]}}