{"id":72,"date":"2020-07-03T16:08:26","date_gmt":"2020-07-03T14:08:26","guid":{"rendered":"https:\/\/coulonges-cohan.enneite.fr\/?page_id=72"},"modified":"2026-07-09T08:18:14","modified_gmt":"2026-07-09T06:18:14","slug":"municipalite","status":"publish","type":"page","link":"https:\/\/coulonges-cohan.enneite.fr\/index.php\/municipalite\/","title":{"rendered":"Municipalit\u00e9"},"content":{"rendered":"\t\t<div data-elementor-type=\"wp-page\" data-elementor-id=\"72\" class=\"elementor elementor-72\">\n\t\t\t\t\t\t<section class=\"elementor-section elementor-top-section elementor-element elementor-element-d7f803e elementor-section-stretched elementor-section-content-middle elementor-section-height-min-height elementor-section-boxed elementor-section-height-default elementor-section-items-middle\" data-id=\"d7f803e\" data-element_type=\"section\" data-e-type=\"section\" data-settings=\"{&quot;stretch_section&quot;:&quot;section-stretched&quot;}\">\n\t\t\t\t\t\t<div class=\"elementor-container elementor-column-gap-default\">\n\t\t\t\t\t<div class=\"elementor-column elementor-col-50 elementor-top-column elementor-element elementor-element-6a09f68\" data-id=\"6a09f68\" data-element_type=\"column\" data-e-type=\"column\">\n\t\t\t<div class=\"elementor-widget-wrap elementor-element-populated\">\n\t\t\t\t\t\t<div class=\"elementor-element elementor-element-c4d7946 elementor-widget elementor-widget-image\" data-id=\"c4d7946\" data-element_type=\"widget\" data-e-type=\"widget\" data-widget_type=\"image.default\">\n\t\t\t\t<div class=\"elementor-widget-container\">\n\t\t\t\t\t\t\t\t\t\t\t\t\t\t\t<img fetchpriority=\"high\" decoding=\"async\" width=\"580\" height=\"326\" src=\"https:\/\/coulonges-cohan.enneite.fr\/wp-content\/uploads\/2020\/07\/IMG20200630151229-1024x576.jpg\" class=\"attachment-large size-large wp-image-225\" alt=\"mairie coulonges\" srcset=\"https:\/\/coulonges-cohan.enneite.fr\/wp-content\/uploads\/2020\/07\/IMG20200630151229-1024x576.jpg 1024w, https:\/\/coulonges-cohan.enneite.fr\/wp-content\/uploads\/2020\/07\/IMG20200630151229-300x169.jpg 300w, https:\/\/coulonges-cohan.enneite.fr\/wp-content\/uploads\/2020\/07\/IMG20200630151229-768x432.jpg 768w, https:\/\/coulonges-cohan.enneite.fr\/wp-content\/uploads\/2020\/07\/IMG20200630151229-1536x864.jpg 1536w, https:\/\/coulonges-cohan.enneite.fr\/wp-content\/uploads\/2020\/07\/IMG20200630151229-1200x675.jpg 1200w, https:\/\/coulonges-cohan.enneite.fr\/wp-content\/uploads\/2020\/07\/IMG20200630151229.jpg 1733w\" sizes=\"(max-width: 580px) 100vw, 580px\" \/>\t\t\t\t\t\t\t\t\t\t\t\t\t\t\t<\/div>\n\t\t\t\t<\/div>\n\t\t\t\t\t<\/div>\n\t\t<\/div>\n\t\t\t\t<div class=\"elementor-column elementor-col-50 elementor-top-column elementor-element elementor-element-869152d\" data-id=\"869152d\" data-element_type=\"column\" data-e-type=\"column\">\n\t\t\t<div class=\"elementor-widget-wrap elementor-element-populated\">\n\t\t\t\t\t\t<div class=\"elementor-element elementor-element-d77c0e6 elementor-widget elementor-widget-text-editor\" data-id=\"d77c0e6\" data-element_type=\"widget\" data-e-type=\"widget\" data-widget_type=\"text-editor.default\">\n\t\t\t\t<div class=\"elementor-widget-container\">\n\t\t\t\t\t\t\t\t\t<h4><span style=\"color: #7a7979;\">Informations pratiques<\/span><\/h4>\n<span style=\"color: #7a7979;\">Adresse : <a style=\"color: #7a7979;\" href=\"https:\/\/goo.gl\/maps\/emppfGs3M74k4aiUA\" target=\"_blank\" rel=\"noopener\"><span style=\"text-decoration: underline; text-decoration-color: #CD2653;\">10 Rue de la Ferronnerie, 02130 Coulonges-Cohan<\/span><\/a><\/span><\/p>\n\n<span style=\"color: #7a7979;\">Tel : <a style=\"color: #7a7979;\" href=\"tel:0323694332\"><span style=\"text-decoration: underline; text-decoration-color: #CD2653;\">03 23 69 43 32<\/span><\/a> <\/span><\/p>\n\n<span style=\"color: #7a7979;\">Mail : <\/span><span style=\"color: #7a7979;\"><span style=\"text-decoration: underline;\"><a style=\"color: #7a7979; text-decoration: underline; text-decoration-color: #CD2653;\" href=\"mailto:mairie.coulonges-cohan@orange.fr\" target=\"_blank\" rel=\"noopener\">mairie.coulonges-cohan@orange.fr<\/a><\/span><\/span><\/p>\n\n<span style=\"color: #7a7979;\">Ouverture de 9 h \u00e0 11 h les mardis et jeudis <strong><span style=\"text-decoration: underline;\">uniquement sur rendez-vous actuellement<\/span><\/strong><\/span>\t\t\t\t\t\t\t\t<\/div>\n\t\t\t\t<\/div>\n\t\t\t\t\t<\/div>\n\t\t<\/div>\n\t\t\t\t\t<\/div>\n\t\t<\/section>\n\t\t\t\t<section class=\"elementor-section elementor-top-section elementor-element elementor-element-fecd50c elementor-section-stretched elementor-section-boxed elementor-section-height-default elementor-section-height-default\" data-id=\"fecd50c\" data-element_type=\"section\" data-e-type=\"section\" data-settings=\"{&quot;stretch_section&quot;:&quot;section-stretched&quot;}\">\n\t\t\t\t\t\t<div class=\"elementor-container elementor-column-gap-default\">\n\t\t\t\t\t<div class=\"elementor-column elementor-col-100 elementor-top-column elementor-element elementor-element-46f3600\" data-id=\"46f3600\" data-element_type=\"column\" data-e-type=\"column\">\n\t\t\t<div class=\"elementor-widget-wrap elementor-element-populated\">\n\t\t\t\t\t\t<div class=\"elementor-element elementor-element-aedd7c1 elementor-widget elementor-widget-text-editor\" data-id=\"aedd7c1\" data-element_type=\"widget\" data-e-type=\"widget\" data-widget_type=\"text-editor.default\">\n\t\t\t\t<div class=\"elementor-widget-container\">\n\t\t\t\t\t\t\t\t\t<p><span style=\"color: #7a7979;\"><span style=\"text-decoration: underline;\"><strong>Le conseil municipal, \u00e9lu en mars 2026 :<\/strong><\/span><br \/><\/span><\/p><ul><li><span style=\"color: #7a7979;\"><span style=\"text-decoration: underline;\">Maire :<\/span> Carole Perreau<\/span><\/li><li><span style=\"color: #7a7979;\"><span style=\"text-decoration: underline;\">1er adjoint :<\/span> Jo\u00ebl Plistat<\/span><\/li><li><span style=\"color: #7a7979;\"><span style=\"text-decoration: underline;\">2\u00e8me adjoint :<\/span> St\u00e9phanie No\u00ebl<\/span><\/li><li>3\u00e8me adjoint : Jean-Raoul Tauzin<\/li><li><span style=\"color: #7a7979;\"><span style=\"text-decoration: underline;\">Conseillers municipaux :<\/span> Pierre Stragier, Maryse L\u00e9ardi, Alexandre Turpin, Clara Tripot, Philippe Bachelin, R\u00e9gine Stofferis, Didier Hubert<\/span><\/li><\/ul>\t\t\t\t\t\t\t\t<\/div>\n\t\t\t\t<\/div>\n\t\t\t\t<div class=\"elementor-element elementor-element-ffd72b6 elementor-widget elementor-widget-image\" data-id=\"ffd72b6\" data-element_type=\"widget\" data-e-type=\"widget\" data-widget_type=\"image.default\">\n\t\t\t\t<div class=\"elementor-widget-container\">\n\t\t\t\t\t\t\t\t\t\t\t\t\t\t\t<img alt=\"\" decoding=\"async\" width=\"580\" height=\"766\" src=\"https:\/\/coulonges-cohan.enneite.fr\/wp-content\/uploads\/2026\/06\/CM-2026.jpg\" class=\"attachment-large size-large wp-image-2761\" alt=\"\" srcset=\"https:\/\/coulonges-cohan.enneite.fr\/wp-content\/uploads\/2026\/06\/CM-2026.jpg 652w, https:\/\/coulonges-cohan.enneite.fr\/wp-content\/uploads\/2026\/06\/CM-2026-227x300.jpg 227w\" sizes=\"(max-width: 580px) 100vw, 580px\" \/>\t\t\t\t\t\t\t\t\t\t\t\t\t\t\t<\/div>\n\t\t\t\t<\/div>\n\t\t\t\t\t<\/div>\n\t\t<\/div>\n\t\t\t\t\t<\/div>\n\t\t<\/section>\n\t\t\t\t<\/div>\n\t\t","protected":false},"excerpt":{"rendered":"<p>Informations pratiques Adresse : 10 Rue de la Ferronnerie, 02130 Coulonges-Cohan Tel : 03 23 69 43 32 Mail : mairie.coulonges-cohan@orange.fr Ouverture de 9 h \u00e0 11 h les mardis et jeudis uniquement sur rendez-vous actuellement Le conseil municipal, \u00e9lu en mars 2026 : Maire : Carole Perreau 1er adjoint : Jo\u00ebl Plistat 2\u00e8me adjoint [&hellip;]<\/p>\n","protected":false},"author":1,"featured_media":0,"parent":0,"menu_order":0,"comment_status":"closed","ping_status":"closed","template":"","meta":{"_seopress_robots_primary_cat":"","_seopress_titles_title":"","_seopress_titles_desc":"","_seopress_robots_index":"","_seopress_analysis_target_kw":"","footnotes":""},"class_list":["post-72","page","type-page","status-publish","hentry"],"_links":{"self":[{"href":"https:\/\/coulonges-cohan.enneite.fr\/index.php\/wp-json\/wp\/v2\/pages\/72","targetHints":{"allow":["GET"]}}],"collection":[{"href":"https:\/\/coulonges-cohan.enneite.fr\/index.php\/wp-json\/wp\/v2\/pages"}],"about":[{"href":"https:\/\/coulonges-cohan.enneite.fr\/index.php\/wp-json\/wp\/v2\/types\/page"}],"author":[{"embeddable":true,"href":"https:\/\/coulonges-cohan.enneite.fr\/index.php\/wp-json\/wp\/v2\/users\/1"}],"replies":[{"embeddable":true,"href":"https:\/\/coulonges-cohan.enneite.fr\/index.php\/wp-json\/wp\/v2\/comments?post=72"}],"version-history":[{"count":69,"href":"https:\/\/coulonges-cohan.enneite.fr\/index.php\/wp-json\/wp\/v2\/pages\/72\/revisions"}],"predecessor-version":[{"id":2772,"href":"https:\/\/coulonges-cohan.enneite.fr\/index.php\/wp-json\/wp\/v2\/pages\/72\/revisions\/2772"}],"wp:attachment":[{"href":"https:\/\/coulonges-cohan.enneite.fr\/index.php\/wp-json\/wp\/v2\/media?parent=72"}],"curies":[{"name":"wp","href":"https:\/\/api.w.org\/{rel}","templated":true}]}}