{"id":53,"date":"2020-07-03T15:29:26","date_gmt":"2020-07-03T13:29:26","guid":{"rendered":"https:\/\/coulonges-cohan.enneite.fr\/?page_id=53"},"modified":"2025-05-18T17:07:37","modified_gmt":"2025-05-18T15:07:37","slug":"infos-pratiques","status":"publish","type":"page","link":"https:\/\/coulonges-cohan.enneite.fr\/index.php\/infos-pratiques\/","title":{"rendered":"Infos pratiques"},"content":{"rendered":"\t\t<div data-elementor-type=\"wp-page\" data-elementor-id=\"53\" class=\"elementor elementor-53\">\n\t\t\t\t\t\t<section class=\"elementor-section elementor-top-section elementor-element elementor-element-39ba7e8 elementor-section-stretched elementor-section-boxed elementor-section-height-default elementor-section-height-default\" data-id=\"39ba7e8\" data-element_type=\"section\" data-e-type=\"section\" data-settings=\"{&quot;stretch_section&quot;:&quot;section-stretched&quot;}\">\n\t\t\t\t\t\t<div class=\"elementor-container elementor-column-gap-default\">\n\t\t\t\t\t<div class=\"elementor-column elementor-col-66 elementor-top-column elementor-element elementor-element-2dfaf0a\" data-id=\"2dfaf0a\" data-element_type=\"column\" data-e-type=\"column\">\n\t\t\t<div class=\"elementor-widget-wrap elementor-element-populated\">\n\t\t\t\t\t\t<div class=\"elementor-element elementor-element-710bd06 elementor-widget elementor-widget-google_maps\" data-id=\"710bd06\" data-element_type=\"widget\" data-e-type=\"widget\" data-widget_type=\"google_maps.default\">\n\t\t\t\t<div class=\"elementor-widget-container\">\n\t\t\t\t\t\t\t<div class=\"elementor-custom-embed\">\n\t\t\t<iframe loading=\"lazy\"\n\t\t\t\t\tsrc=\"https:\/\/maps.google.com\/maps?q=Coulonges-Cohan&#038;t=m&#038;z=10&#038;output=embed&#038;iwloc=near\"\n\t\t\t\t\ttitle=\"Coulonges-Cohan\"\n\t\t\t\t\taria-label=\"Coulonges-Cohan\"\n\t\t\t><\/iframe>\n\t\t<\/div>\n\t\t\t\t\t\t<\/div>\n\t\t\t\t<\/div>\n\t\t\t\t\t<\/div>\n\t\t<\/div>\n\t\t\t\t<div class=\"elementor-column elementor-col-33 elementor-top-column elementor-element elementor-element-325d7c1\" data-id=\"325d7c1\" data-element_type=\"column\" data-e-type=\"column\">\n\t\t\t<div class=\"elementor-widget-wrap elementor-element-populated\">\n\t\t\t\t\t\t<div class=\"elementor-element elementor-element-0c6a569 elementor-widget elementor-widget-text-editor\" data-id=\"0c6a569\" data-element_type=\"widget\" data-e-type=\"widget\" data-widget_type=\"text-editor.default\">\n\t\t\t\t<div class=\"elementor-widget-container\">\n\t\t\t\t\t\t\t\t\t<h4>V<b>enir \u00e0 Coulonges-Cohan :<\/b><\/h4><ul><li><span style=\"text-decoration: underline;\"><strong>En train :<\/strong><\/span><p>Gares les plus proches :\u00a0 Dormans (20 km) &#8211; Chateau-Thierry (30 km) &#8211; Reims (40 km) &#8211; Champagne Ardenne TGV (40 km) &#8211; Marne la Vall\u00e9e TGV (90 km)<\/p><\/li><li><strong><span style=\"text-decoration: underline;\">En voiture<\/span> :<\/strong> <br \/>Autoroute A4 &#8211; Sortie Dormans &#8211; Prendre \u00e0 droite \u00e0 la sortie du p\u00e9age, puis encore \u00e0 droite, direction F\u00e8re en Tardenois. Dans le village de Villers Agron, prendre \u00e0 gauche. Rouler environ 10 km. Direction Coulonges-Cohan sur la droite<\/li><\/ul>\t\t\t\t\t\t\t\t<\/div>\n\t\t\t\t<\/div>\n\t\t\t\t\t<\/div>\n\t\t<\/div>\n\t\t\t\t\t<\/div>\n\t\t<\/section>\n\t\t\t\t<section class=\"elementor-section elementor-top-section elementor-element elementor-element-ac4e51a elementor-section-stretched elementor-section-content-middle elementor-section-boxed elementor-section-height-default elementor-section-height-default\" data-id=\"ac4e51a\" data-element_type=\"section\" data-e-type=\"section\" data-settings=\"{&quot;stretch_section&quot;:&quot;section-stretched&quot;}\">\n\t\t\t\t\t\t<div class=\"elementor-container elementor-column-gap-default\">\n\t\t\t\t\t<div class=\"elementor-column elementor-col-50 elementor-top-column elementor-element elementor-element-c49e138\" data-id=\"c49e138\" data-element_type=\"column\" data-e-type=\"column\">\n\t\t\t<div class=\"elementor-widget-wrap elementor-element-populated\">\n\t\t\t\t\t\t<div class=\"elementor-element elementor-element-6e32675 elementor-widget elementor-widget-text-editor\" data-id=\"6e32675\" data-element_type=\"widget\" data-e-type=\"widget\" data-widget_type=\"text-editor.default\">\n\t\t\t\t<div class=\"elementor-widget-container\">\n\t\t\t\t\t\t\t\t\t<h4><span style=\"color: #7a7979;\">Manger et dormir \u00e0 Coulonges :<\/span><\/h4><p><span style=\"color: #7a7979;\">L&rsquo;Auberge de la Roue Fleurie (Caf\u00e9 &#8211; Tabac &#8211; H\u00f4tel &#8211; Restaurant)<\/span><\/p><p><span style=\"color: #7a7979;\">Ouvert tous les jours de 8h30 \u00e0 20h30 sauf le mercredi et le mardi soir (jour de fermeture)<\/span><\/p><p><span style=\"color: #7a7979;\">Tel : <a style=\"color: #7a7979;\" href=\"tel:0323694302\"><span style=\"text-decoration: underline; text-decoration-color: #CD2653;\">03 23 69 43 02<\/span><\/a><\/span><\/p>\t\t\t\t\t\t\t\t<\/div>\n\t\t\t\t<\/div>\n\t\t\t\t<div class=\"elementor-element elementor-element-f12deee e-grid-align-left elementor-grid-2 elementor-shape-rounded elementor-widget elementor-widget-social-icons\" data-id=\"f12deee\" data-element_type=\"widget\" data-e-type=\"widget\" data-widget_type=\"social-icons.default\">\n\t\t\t\t<div class=\"elementor-widget-container\">\n\t\t\t\t\t\t\t<div class=\"elementor-social-icons-wrapper elementor-grid\" role=\"list\">\n\t\t\t\t\t\t\t<span class=\"elementor-grid-item\" role=\"listitem\">\n\t\t\t\t\t<a class=\"elementor-icon elementor-social-icon elementor-social-icon-facebook elementor-repeater-item-df0f1bc\" href=\"https:\/\/www.facebook.com\/AubergeDeLaRoueFleurie\" target=\"_blank\">\n\t\t\t\t\t\t<span class=\"elementor-screen-only\">Facebook<\/span>\n\t\t\t\t\t\t<i aria-hidden=\"true\" class=\"fab fa-facebook\"><\/i>\t\t\t\t\t<\/a>\n\t\t\t\t<\/span>\n\t\t\t\t\t\t\t<span class=\"elementor-grid-item\" role=\"listitem\">\n\t\t\t\t\t<a class=\"elementor-icon elementor-social-icon elementor-social-icon-map-marked-alt elementor-repeater-item-aa8ec30\" href=\"https:\/\/goo.gl\/maps\/sLjmJPmsbJx5X7jK7\" target=\"_blank\">\n\t\t\t\t\t\t<span class=\"elementor-screen-only\">Map-marked-alt<\/span>\n\t\t\t\t\t\t<i aria-hidden=\"true\" class=\"fas fa-map-marked-alt\"><\/i>\t\t\t\t\t<\/a>\n\t\t\t\t<\/span>\n\t\t\t\t\t<\/div>\n\t\t\t\t\t\t<\/div>\n\t\t\t\t<\/div>\n\t\t\t\t\t<\/div>\n\t\t<\/div>\n\t\t\t\t<div class=\"elementor-column elementor-col-50 elementor-top-column elementor-element elementor-element-4023d61\" data-id=\"4023d61\" data-element_type=\"column\" data-e-type=\"column\">\n\t\t\t<div class=\"elementor-widget-wrap elementor-element-populated\">\n\t\t\t\t\t\t<div class=\"elementor-element elementor-element-29728dc elementor-widget elementor-widget-image\" data-id=\"29728dc\" data-element_type=\"widget\" data-e-type=\"widget\" data-widget_type=\"image.default\">\n\t\t\t\t<div class=\"elementor-widget-container\">\n\t\t\t\t\t\t\t\t\t\t\t\t\t\t\t<img fetchpriority=\"high\" decoding=\"async\" width=\"552\" height=\"552\" src=\"https:\/\/coulonges-cohan.enneite.fr\/wp-content\/uploads\/2020\/07\/34706064_2224490130909624_245691095906779136_o.jpg\" class=\"attachment-large size-large wp-image-55\" alt=\"h\u00f4tel \/ auberge la roue fleurie\" srcset=\"https:\/\/coulonges-cohan.enneite.fr\/wp-content\/uploads\/2020\/07\/34706064_2224490130909624_245691095906779136_o.jpg 552w, https:\/\/coulonges-cohan.enneite.fr\/wp-content\/uploads\/2020\/07\/34706064_2224490130909624_245691095906779136_o-300x300.jpg 300w, https:\/\/coulonges-cohan.enneite.fr\/wp-content\/uploads\/2020\/07\/34706064_2224490130909624_245691095906779136_o-150x150.jpg 150w\" sizes=\"(max-width: 552px) 100vw, 552px\" \/>\t\t\t\t\t\t\t\t\t\t\t\t\t\t\t<\/div>\n\t\t\t\t<\/div>\n\t\t\t\t\t<\/div>\n\t\t<\/div>\n\t\t\t\t\t<\/div>\n\t\t<\/section>\n\t\t\t\t<section class=\"elementor-section elementor-top-section elementor-element elementor-element-69833a8 elementor-section-stretched elementor-section-content-middle elementor-section-boxed elementor-section-height-default elementor-section-height-default\" data-id=\"69833a8\" data-element_type=\"section\" data-e-type=\"section\" data-settings=\"{&quot;stretch_section&quot;:&quot;section-stretched&quot;}\">\n\t\t\t\t\t\t<div class=\"elementor-container elementor-column-gap-default\">\n\t\t\t\t\t<div class=\"elementor-column elementor-col-50 elementor-top-column elementor-element elementor-element-dd9c0e1\" data-id=\"dd9c0e1\" data-element_type=\"column\" data-e-type=\"column\">\n\t\t\t<div class=\"elementor-widget-wrap elementor-element-populated\">\n\t\t\t\t\t\t<div class=\"elementor-element elementor-element-a2eb4f6 elementor-widget elementor-widget-image\" data-id=\"a2eb4f6\" data-element_type=\"widget\" data-e-type=\"widget\" data-widget_type=\"image.default\">\n\t\t\t\t<div class=\"elementor-widget-container\">\n\t\t\t\t\t\t\t\t\t\t\t\t\t\t\t<img decoding=\"async\" width=\"580\" height=\"327\" src=\"https:\/\/coulonges-cohan.enneite.fr\/wp-content\/uploads\/2020\/07\/Sans-titre-1024x577.png\" class=\"attachment-large size-large wp-image-58\" alt=\"mairie coulonges\" srcset=\"https:\/\/coulonges-cohan.enneite.fr\/wp-content\/uploads\/2020\/07\/Sans-titre-1024x577.png 1024w, https:\/\/coulonges-cohan.enneite.fr\/wp-content\/uploads\/2020\/07\/Sans-titre-300x169.png 300w, https:\/\/coulonges-cohan.enneite.fr\/wp-content\/uploads\/2020\/07\/Sans-titre-768x433.png 768w, https:\/\/coulonges-cohan.enneite.fr\/wp-content\/uploads\/2020\/07\/Sans-titre-1536x866.png 1536w, https:\/\/coulonges-cohan.enneite.fr\/wp-content\/uploads\/2020\/07\/Sans-titre-1200x676.png 1200w, https:\/\/coulonges-cohan.enneite.fr\/wp-content\/uploads\/2020\/07\/Sans-titre.png 1593w\" sizes=\"(max-width: 580px) 100vw, 580px\" \/>\t\t\t\t\t\t\t\t\t\t\t\t\t\t\t<\/div>\n\t\t\t\t<\/div>\n\t\t\t\t\t<\/div>\n\t\t<\/div>\n\t\t\t\t<div class=\"elementor-column elementor-col-50 elementor-top-column elementor-element elementor-element-1743771\" data-id=\"1743771\" data-element_type=\"column\" data-e-type=\"column\">\n\t\t\t<div class=\"elementor-widget-wrap elementor-element-populated\">\n\t\t\t\t\t\t<div class=\"elementor-element elementor-element-12aa23d elementor-widget elementor-widget-text-editor\" data-id=\"12aa23d\" data-element_type=\"widget\" data-e-type=\"widget\" data-widget_type=\"text-editor.default\">\n\t\t\t\t<div class=\"elementor-widget-container\">\n\t\t\t\t\t\t\t\t\t<h4><span style=\"color: #7a7979;\">Mairie :<br \/><\/span><\/h4><p><span style=\"color: #7a7979;\">Accueil les mardis et jeudis de 9 h \u00e0 11 h, ou sur rendez-vous.<\/span><\/p><p><span style=\"color: #7a7979;\">Tel : <a style=\"color: #7a7979;\" href=\"tel:0323694332\"><span style=\"text-decoration: underline; text-decoration-color: #CD2653;\">03 23 69 43 32 <\/span><br \/><\/a><\/span><\/p><p><span style=\"color: #7a7979;\">Courriel : <span style=\"text-decoration: underline;\"><a style=\"color: #7a7979; text-decoration: underline; text-decoration-color: #CD2653;\" href=\"mailto:mairie.coulonges-cohan@orange.fr\">mairie.coulonges-cohan@orange.fr<\/a><\/span><br \/><\/span><\/p>\t\t\t\t\t\t\t\t<\/div>\n\t\t\t\t<\/div>\n\t\t\t\t\t<\/div>\n\t\t<\/div>\n\t\t\t\t\t<\/div>\n\t\t<\/section>\n\t\t\t\t<section class=\"elementor-section elementor-top-section elementor-element elementor-element-ef731bf elementor-section-stretched elementor-section-content-middle elementor-section-boxed elementor-section-height-default elementor-section-height-default\" data-id=\"ef731bf\" data-element_type=\"section\" data-e-type=\"section\" data-settings=\"{&quot;stretch_section&quot;:&quot;section-stretched&quot;}\">\n\t\t\t\t\t\t<div class=\"elementor-container elementor-column-gap-default\">\n\t\t\t\t\t<div class=\"elementor-column elementor-col-50 elementor-top-column elementor-element elementor-element-0102d22\" data-id=\"0102d22\" data-element_type=\"column\" data-e-type=\"column\">\n\t\t\t<div class=\"elementor-widget-wrap elementor-element-populated\">\n\t\t\t\t\t\t<div class=\"elementor-element elementor-element-519b8ce elementor-widget elementor-widget-text-editor\" data-id=\"519b8ce\" data-element_type=\"widget\" data-e-type=\"widget\" data-widget_type=\"text-editor.default\">\n\t\t\t\t<div class=\"elementor-widget-container\">\n\t\t\t\t\t\t\t\t\t<h4><span style=\"color: #7a7979;\">Information communales :<br \/><\/span><\/h4><p><span style=\"color: #7a7979;\">La commune \u00e9dite et distribue gratuitement chaque ann\u00e9e au mois de juillet, un bulletin d&rsquo;informations municipales qui r\u00e9sume les informations utiles \u00e0 connaitre pour les habitants.<\/span><\/p><ul><li><span style=\"color: #7a7979;\"><a href=\"https:\/\/coulonges-cohan.enneite.fr\/wp-content\/uploads\/2022\/07\/Bulletin-municipal-juillet-2022.pdf\">Bulletin juillet 2022<\/a><\/span><\/li><li><a href=\"https:\/\/coulonges-cohan.enneite.fr\/wp-content\/uploads\/2022\/07\/Bulletin-municipal-juillet-2021.pdf\">Bulletin juillet 2021<\/a><\/li><\/ul><p><span style=\"color: #7a7979; font-size: inherit; text-align: inherit;\">La commune \u00e9dite trimestriellement\u00a0 le NEWS COULONGEOIS, un journal d&rsquo;informations communales dans lequel on retrouve les actus des associations, celles de la commune, le calendrier des manifestation et de nombreuses rubriques pour se cultiver et se divertir.<\/span><\/p><p><span style=\"color: #7a7979; font-size: inherit; text-align: inherit;\">Abonnement annuel (4 num\u00e9ros) de 7 euros \u00e0 verser avant le 30 septembre de chaque ann\u00e9e en mairie au nom du Comit\u00e9 des F\u00eates de Coulonges-Cohan. Le news parait fin octobre, fin janvier, fin avril et fin juillet<\/span><\/p>\t\t\t\t\t\t\t\t<\/div>\n\t\t\t\t<\/div>\n\t\t\t\t\t<\/div>\n\t\t<\/div>\n\t\t\t\t<div class=\"elementor-column elementor-col-50 elementor-top-column elementor-element elementor-element-097bb8f\" data-id=\"097bb8f\" data-element_type=\"column\" data-e-type=\"column\">\n\t\t\t<div class=\"elementor-widget-wrap elementor-element-populated\">\n\t\t\t\t\t\t<div class=\"elementor-element elementor-element-70af35b elementor-widget elementor-widget-image\" data-id=\"70af35b\" data-element_type=\"widget\" data-e-type=\"widget\" data-widget_type=\"image.default\">\n\t\t\t\t<div class=\"elementor-widget-container\">\n\t\t\t\t\t\t\t\t\t\t\t\t\t\t\t<img alt=\"\" decoding=\"async\" width=\"580\" height=\"865\" src=\"https:\/\/coulonges-cohan.enneite.fr\/wp-content\/uploads\/2022\/07\/TITRE-687x1024.webp\" class=\"attachment-large size-large wp-image-2006\" alt=\"\" srcset=\"https:\/\/coulonges-cohan.enneite.fr\/wp-content\/uploads\/2022\/07\/TITRE-687x1024.webp 687w, https:\/\/coulonges-cohan.enneite.fr\/wp-content\/uploads\/2022\/07\/TITRE-201x300.webp 201w, https:\/\/coulonges-cohan.enneite.fr\/wp-content\/uploads\/2022\/07\/TITRE-768x1144.webp 768w, https:\/\/coulonges-cohan.enneite.fr\/wp-content\/uploads\/2022\/07\/TITRE-1031x1536.webp 1031w, https:\/\/coulonges-cohan.enneite.fr\/wp-content\/uploads\/2022\/07\/TITRE-1374x2048.webp 1288w, https:\/\/coulonges-cohan.enneite.fr\/wp-content\/uploads\/2022\/07\/TITRE-1200x1788.webp 1200w, https:\/\/coulonges-cohan.enneite.fr\/wp-content\/uploads\/2022\/07\/TITRE.webp 1289w\" sizes=\"(max-width: 580px) 100vw, 580px\" \/>\t\t\t\t\t\t\t\t\t\t\t\t\t\t\t<\/div>\n\t\t\t\t<\/div>\n\t\t\t\t\t<\/div>\n\t\t<\/div>\n\t\t\t\t\t<\/div>\n\t\t<\/section>\n\t\t\t\t<section class=\"elementor-section elementor-top-section elementor-element elementor-element-6f07e49 elementor-section-stretched elementor-section-content-middle elementor-section-boxed elementor-section-height-default elementor-section-height-default\" data-id=\"6f07e49\" data-element_type=\"section\" data-e-type=\"section\" data-settings=\"{&quot;stretch_section&quot;:&quot;section-stretched&quot;}\">\n\t\t\t\t\t\t<div class=\"elementor-container elementor-column-gap-default\">\n\t\t\t\t\t<div class=\"elementor-column elementor-col-50 elementor-top-column elementor-element elementor-element-aa5df10\" data-id=\"aa5df10\" data-element_type=\"column\" data-e-type=\"column\">\n\t\t\t<div class=\"elementor-widget-wrap elementor-element-populated\">\n\t\t\t\t\t\t<div class=\"elementor-element elementor-element-b156f5d elementor-widget elementor-widget-image\" data-id=\"b156f5d\" data-element_type=\"widget\" data-e-type=\"widget\" data-widget_type=\"image.default\">\n\t\t\t\t<div class=\"elementor-widget-container\">\n\t\t\t\t\t\t\t\t\t\t\t\t\t\t\t<img loading=\"lazy\" decoding=\"async\" width=\"580\" height=\"705\" src=\"https:\/\/coulonges-cohan.enneite.fr\/wp-content\/uploads\/2020\/07\/IMG20200630150141-768x933.jpg\" class=\"attachment-medium_large size-medium_large wp-image-221\" alt=\"la poste de coulonges\" srcset=\"https:\/\/coulonges-cohan.enneite.fr\/wp-content\/uploads\/2020\/07\/IMG20200630150141-768x933.jpg 768w, https:\/\/coulonges-cohan.enneite.fr\/wp-content\/uploads\/2020\/07\/IMG20200630150141-247x300.jpg 247w, https:\/\/coulonges-cohan.enneite.fr\/wp-content\/uploads\/2020\/07\/IMG20200630150141-843x1024.jpg 843w, https:\/\/coulonges-cohan.enneite.fr\/wp-content\/uploads\/2020\/07\/IMG20200630150141.jpg 901w\" sizes=\"(max-width: 580px) 100vw, 580px\" \/>\t\t\t\t\t\t\t\t\t\t\t\t\t\t\t<\/div>\n\t\t\t\t<\/div>\n\t\t\t\t\t<\/div>\n\t\t<\/div>\n\t\t\t\t<div class=\"elementor-column elementor-col-50 elementor-top-column elementor-element elementor-element-0a0d5c5\" data-id=\"0a0d5c5\" data-element_type=\"column\" data-e-type=\"column\">\n\t\t\t<div class=\"elementor-widget-wrap elementor-element-populated\">\n\t\t\t\t\t\t<div class=\"elementor-element elementor-element-04c1e63 elementor-widget elementor-widget-text-editor\" data-id=\"04c1e63\" data-element_type=\"widget\" data-e-type=\"widget\" data-widget_type=\"text-editor.default\">\n\t\t\t\t<div class=\"elementor-widget-container\">\n\t\t\t\t\t\t\t\t\t<h4><span style=\"color: #7a7979;\">Bureau de Poste :\n<\/span><\/h4>\n<span style=\"color: #7a7979;\">Christelle vous accueille au bureau de poste de 9h \u00e0 11h45 les lundi, mardi, jeudi, vendredi et samedi.                               La lev\u00e9e de courrier a lieu le matin \u00e0 8h30.<\/span>\t\t\t\t\t\t\t\t<\/div>\n\t\t\t\t<\/div>\n\t\t\t\t\t<\/div>\n\t\t<\/div>\n\t\t\t\t\t<\/div>\n\t\t<\/section>\n\t\t\t\t<section class=\"elementor-section elementor-top-section elementor-element elementor-element-f29d155 elementor-section-stretched elementor-section-content-middle elementor-section-boxed elementor-section-height-default elementor-section-height-default\" data-id=\"f29d155\" data-element_type=\"section\" data-e-type=\"section\" data-settings=\"{&quot;stretch_section&quot;:&quot;section-stretched&quot;}\">\n\t\t\t\t\t\t<div class=\"elementor-container elementor-column-gap-default\">\n\t\t\t\t\t<div class=\"elementor-column elementor-col-50 elementor-top-column elementor-element elementor-element-60cec98\" data-id=\"60cec98\" data-element_type=\"column\" data-e-type=\"column\">\n\t\t\t<div class=\"elementor-widget-wrap elementor-element-populated\">\n\t\t\t\t\t\t<div class=\"elementor-element elementor-element-82cf47b elementor-widget elementor-widget-text-editor\" data-id=\"82cf47b\" data-element_type=\"widget\" data-e-type=\"widget\" data-widget_type=\"text-editor.default\">\n\t\t\t\t<div class=\"elementor-widget-container\">\n\t\t\t\t\t\t\t\t\t<h4><span style=\"color: #7a7979;\">M\u00e9decin :\n<\/span><\/h4>\n<span style=\"color: #7a7979;\">Cabinet m\u00e9dical de F\u00e8re-en-Tardenois : <span style=\"text-decoration: underline;\"><span style=\"color: #7a7979;\"><a style=\"color: #7a7979; text-decoration: underline; text-decoration-color: #CD2653;\" href=\"tel:0323822032\">03 23 82 20 32<\/a><\/span><\/span><\/span>\t\t\t\t\t\t\t\t<\/div>\n\t\t\t\t<\/div>\n\t\t\t\t\t<\/div>\n\t\t<\/div>\n\t\t\t\t<div class=\"elementor-column elementor-col-50 elementor-top-column elementor-element elementor-element-0133e2d\" data-id=\"0133e2d\" data-element_type=\"column\" data-e-type=\"column\">\n\t\t\t<div class=\"elementor-widget-wrap elementor-element-populated\">\n\t\t\t\t\t\t<div class=\"elementor-element elementor-element-ba12cba elementor-widget elementor-widget-image\" data-id=\"ba12cba\" data-element_type=\"widget\" data-e-type=\"widget\" data-widget_type=\"image.default\">\n\t\t\t\t<div class=\"elementor-widget-container\">\n\t\t\t\t\t\t\t\t\t\t\t\t\t\t\t<img loading=\"lazy\" decoding=\"async\" width=\"512\" height=\"384\" src=\"https:\/\/coulonges-cohan.enneite.fr\/wp-content\/uploads\/2020\/07\/unnamed.jpg\" class=\"attachment-large size-large wp-image-62\" alt=\"maison m\u00e9dical f\u00e9re en tardenois\" srcset=\"https:\/\/coulonges-cohan.enneite.fr\/wp-content\/uploads\/2020\/07\/unnamed.jpg 512w, https:\/\/coulonges-cohan.enneite.fr\/wp-content\/uploads\/2020\/07\/unnamed-300x225.jpg 300w\" sizes=\"(max-width: 512px) 100vw, 512px\" \/>\t\t\t\t\t\t\t\t\t\t\t\t\t\t\t<\/div>\n\t\t\t\t<\/div>\n\t\t\t\t\t<\/div>\n\t\t<\/div>\n\t\t\t\t\t<\/div>\n\t\t<\/section>\n\t\t\t\t<section class=\"elementor-section elementor-top-section elementor-element elementor-element-8a2dcf7 elementor-section-stretched elementor-section-content-middle elementor-section-boxed elementor-section-height-default elementor-section-height-default\" data-id=\"8a2dcf7\" data-element_type=\"section\" data-e-type=\"section\" data-settings=\"{&quot;stretch_section&quot;:&quot;section-stretched&quot;}\">\n\t\t\t\t\t\t<div class=\"elementor-container elementor-column-gap-default\">\n\t\t\t\t\t<div class=\"elementor-column elementor-col-50 elementor-top-column elementor-element elementor-element-e318be9\" data-id=\"e318be9\" data-element_type=\"column\" data-e-type=\"column\">\n\t\t\t<div class=\"elementor-widget-wrap elementor-element-populated\">\n\t\t\t\t\t\t<div class=\"elementor-element elementor-element-ad306c0 elementor-widget elementor-widget-image\" data-id=\"ad306c0\" data-element_type=\"widget\" data-e-type=\"widget\" data-widget_type=\"image.default\">\n\t\t\t\t<div class=\"elementor-widget-container\">\n\t\t\t\t\t\t\t\t\t\t\t\t\t\t\t<img loading=\"lazy\" decoding=\"async\" width=\"580\" height=\"326\" src=\"https:\/\/coulonges-cohan.enneite.fr\/wp-content\/uploads\/2020\/07\/IMG20200630150219-1024x576.jpg\" class=\"attachment-large size-large wp-image-222\" alt=\"\u00e9cole quentin roosevelt de coulonges cohan\" srcset=\"https:\/\/coulonges-cohan.enneite.fr\/wp-content\/uploads\/2020\/07\/IMG20200630150219-1024x576.jpg 1024w, https:\/\/coulonges-cohan.enneite.fr\/wp-content\/uploads\/2020\/07\/IMG20200630150219-300x169.jpg 300w, https:\/\/coulonges-cohan.enneite.fr\/wp-content\/uploads\/2020\/07\/IMG20200630150219-768x432.jpg 768w, https:\/\/coulonges-cohan.enneite.fr\/wp-content\/uploads\/2020\/07\/IMG20200630150219-1536x864.jpg 1536w, https:\/\/coulonges-cohan.enneite.fr\/wp-content\/uploads\/2020\/07\/IMG20200630150219-2048x1152.jpg 2048w, https:\/\/coulonges-cohan.enneite.fr\/wp-content\/uploads\/2020\/07\/IMG20200630150219-1200x675.jpg 1200w, https:\/\/coulonges-cohan.enneite.fr\/wp-content\/uploads\/2020\/07\/IMG20200630150219-1980x1114.jpg 1980w\" sizes=\"(max-width: 580px) 100vw, 580px\" \/>\t\t\t\t\t\t\t\t\t\t\t\t\t\t\t<\/div>\n\t\t\t\t<\/div>\n\t\t\t\t\t<\/div>\n\t\t<\/div>\n\t\t\t\t<div class=\"elementor-column elementor-col-50 elementor-top-column elementor-element elementor-element-5eca18b\" data-id=\"5eca18b\" data-element_type=\"column\" data-e-type=\"column\">\n\t\t\t<div class=\"elementor-widget-wrap elementor-element-populated\">\n\t\t\t\t\t\t<div class=\"elementor-element elementor-element-c6aae1a elementor-widget elementor-widget-text-editor\" data-id=\"c6aae1a\" data-element_type=\"widget\" data-e-type=\"widget\" data-widget_type=\"text-editor.default\">\n\t\t\t\t<div class=\"elementor-widget-container\">\n\t\t\t\t\t\t\t\t\t<h4><span style=\"color: #7a7979;\">Les Ecoles :<\/span><\/h4>\n<span style=\"color: #7a7979;\">Coulonges dispose de l&rsquo;\u00e9cole Quentin Roosevelt une \u00e9cole maternelle et une \u00e9cole primaire avec garde p\u00e9riscolaire et cantine. Renseignements compl\u00e9mentaires \u00e0 la mairie.<\/span>\t\t\t\t\t\t\t\t<\/div>\n\t\t\t\t<\/div>\n\t\t\t\t\t<\/div>\n\t\t<\/div>\n\t\t\t\t\t<\/div>\n\t\t<\/section>\n\t\t\t\t<section class=\"elementor-section elementor-top-section elementor-element elementor-element-f56d280 elementor-section-stretched elementor-section-content-middle elementor-section-boxed elementor-section-height-default elementor-section-height-default\" data-id=\"f56d280\" data-element_type=\"section\" data-e-type=\"section\" data-settings=\"{&quot;stretch_section&quot;:&quot;section-stretched&quot;}\">\n\t\t\t\t\t\t<div class=\"elementor-container elementor-column-gap-default\">\n\t\t\t\t\t<div class=\"elementor-column elementor-col-50 elementor-top-column elementor-element elementor-element-4bfce1b\" data-id=\"4bfce1b\" data-element_type=\"column\" data-e-type=\"column\">\n\t\t\t<div class=\"elementor-widget-wrap elementor-element-populated\">\n\t\t\t\t\t\t<div class=\"elementor-element elementor-element-e721104 elementor-widget elementor-widget-text-editor\" data-id=\"e721104\" data-element_type=\"widget\" data-e-type=\"widget\" data-widget_type=\"text-editor.default\">\n\t\t\t\t<div class=\"elementor-widget-container\">\n\t\t\t\t\t\t\t\t\t<h4><span style=\"color: #7a7979;\">Internet :<\/span><\/h4><p><span style=\"color: #7a7979;\"><a style=\"color: #7a7979; text-decoration: underline; text-decoration-color: #CD2653;\" href=\"https:\/\/raiso02.fr\/wp-content\/plugins\/raiso\/images_cartes\/region-de-chateau-thierry.jpg\" target=\"_blank\" rel=\"noopener\">Fibre commercialis\u00e9e depuis le 19 mai<\/a> 2022<\/span>, pour plus d&rsquo;informations rapprochez vous de votre fournisseur d\u2019acc\u00e8s internet.<\/p><p><span style=\"color: #7a7979;\">Disponibilit\u00e9 actuelle des principaux FAI :<\/span><\/p><ul><li><span style=\"color: #7a7979;\">Orange : Fibre optique et 4G<br \/><\/span><\/li><li><span style=\"color: #7a7979;\">Free : Fibre optique et 4G<br \/><\/span><\/li><li><span style=\"color: #7a7979;\">SFR : Fibre optique et 4G<br \/><\/span><\/li><li><span style=\"color: #7a7979;\">Bouygues : Fibre optique et 4G<br \/><\/span><\/li><\/ul>\t\t\t\t\t\t\t\t<\/div>\n\t\t\t\t<\/div>\n\t\t\t\t\t<\/div>\n\t\t<\/div>\n\t\t\t\t<div class=\"elementor-column elementor-col-50 elementor-top-column elementor-element elementor-element-5864d7e\" data-id=\"5864d7e\" data-element_type=\"column\" data-e-type=\"column\">\n\t\t\t<div class=\"elementor-widget-wrap elementor-element-populated\">\n\t\t\t\t\t\t<div class=\"elementor-element elementor-element-46ff76c elementor-widget elementor-widget-image\" data-id=\"46ff76c\" data-element_type=\"widget\" data-e-type=\"widget\" data-widget_type=\"image.default\">\n\t\t\t\t<div class=\"elementor-widget-container\">\n\t\t\t\t\t\t\t\t\t\t\t\t\t\t\t<img loading=\"lazy\" decoding=\"async\" width=\"580\" height=\"582\" src=\"https:\/\/coulonges-cohan.enneite.fr\/wp-content\/uploads\/2020\/07\/icons8-internet-100.png\" class=\"attachment-large size-large wp-image-64\" alt=\"logo internet\" srcset=\"https:\/\/coulonges-cohan.enneite.fr\/wp-content\/uploads\/2020\/07\/icons8-internet-100.png 993w, https:\/\/coulonges-cohan.enneite.fr\/wp-content\/uploads\/2020\/07\/icons8-internet-100-300x300.png 300w, https:\/\/coulonges-cohan.enneite.fr\/wp-content\/uploads\/2020\/07\/icons8-internet-100-150x150.png 150w, https:\/\/coulonges-cohan.enneite.fr\/wp-content\/uploads\/2020\/07\/icons8-internet-100-768x770.png 768w\" sizes=\"(max-width: 580px) 100vw, 580px\" \/>\t\t\t\t\t\t\t\t\t\t\t\t\t\t\t<\/div>\n\t\t\t\t<\/div>\n\t\t\t\t\t<\/div>\n\t\t<\/div>\n\t\t\t\t\t<\/div>\n\t\t<\/section>\n\t\t\t\t<section class=\"elementor-section elementor-top-section elementor-element elementor-element-af314bd elementor-section-stretched elementor-section-content-middle elementor-section-boxed elementor-section-height-default elementor-section-height-default\" data-id=\"af314bd\" data-element_type=\"section\" data-e-type=\"section\" data-settings=\"{&quot;stretch_section&quot;:&quot;section-stretched&quot;}\">\n\t\t\t\t\t\t<div class=\"elementor-container elementor-column-gap-default\">\n\t\t\t\t\t<div class=\"elementor-column elementor-col-50 elementor-top-column elementor-element elementor-element-643feb8\" data-id=\"643feb8\" data-element_type=\"column\" data-e-type=\"column\">\n\t\t\t<div class=\"elementor-widget-wrap elementor-element-populated\">\n\t\t\t\t\t\t<div class=\"elementor-element elementor-element-aece847 elementor-widget elementor-widget-image\" data-id=\"aece847\" data-element_type=\"widget\" data-e-type=\"widget\" data-widget_type=\"image.default\">\n\t\t\t\t<div class=\"elementor-widget-container\">\n\t\t\t\t\t\t\t\t\t\t\t\t\t\t\t<img loading=\"lazy\" decoding=\"async\" width=\"300\" height=\"300\" src=\"https:\/\/coulonges-cohan.enneite.fr\/wp-content\/uploads\/2020\/07\/centre-loisirs-image.jpg\" class=\"attachment-large size-large wp-image-433\" alt=\"p\u00e9riscolaire\" srcset=\"https:\/\/coulonges-cohan.enneite.fr\/wp-content\/uploads\/2020\/07\/centre-loisirs-image.jpg 300w, https:\/\/coulonges-cohan.enneite.fr\/wp-content\/uploads\/2020\/07\/centre-loisirs-image-150x150.jpg 150w\" sizes=\"(max-width: 300px) 100vw, 300px\" \/>\t\t\t\t\t\t\t\t\t\t\t\t\t\t\t<\/div>\n\t\t\t\t<\/div>\n\t\t\t\t\t<\/div>\n\t\t<\/div>\n\t\t\t\t<div class=\"elementor-column elementor-col-50 elementor-top-column elementor-element elementor-element-0dd9c0d\" data-id=\"0dd9c0d\" data-element_type=\"column\" data-e-type=\"column\">\n\t\t\t<div class=\"elementor-widget-wrap elementor-element-populated\">\n\t\t\t\t\t\t<div class=\"elementor-element elementor-element-d7c9bb8 elementor-widget elementor-widget-text-editor\" data-id=\"d7c9bb8\" data-element_type=\"widget\" data-e-type=\"widget\" data-widget_type=\"text-editor.default\">\n\t\t\t\t<div class=\"elementor-widget-container\">\n\t\t\t\t\t\t\t\t\t<h4><span style=\"color: #7a7979;\">Le centre de Loisirs :\n<\/span><\/h4>\n<span style=\"color: #7a7979;\">Pour occuper les bambins du coin pendant les vacances de printemps et d&rsquo;\u00e9t\u00e9, un centre de loisirs est ouverte \u00e0 l&rsquo;\u00e9cole maternelle de Coulonges. Sous la direction de Christelle, activit\u00e9s cr\u00e9atives, jeux et sorties se succ\u00e8dent pour les enfants et jeunes ados. le centre est ouvert une semaine aux vacances de printemps et 3 semaines en juillet. Renseignements \u00e0 la mairie.<\/span>\t\t\t\t\t\t\t\t<\/div>\n\t\t\t\t<\/div>\n\t\t\t\t\t<\/div>\n\t\t<\/div>\n\t\t\t\t\t<\/div>\n\t\t<\/section>\n\t\t\t\t<section class=\"elementor-section elementor-top-section elementor-element elementor-element-86b8212 elementor-section-stretched elementor-section-content-middle elementor-section-boxed elementor-section-height-default elementor-section-height-default\" data-id=\"86b8212\" data-element_type=\"section\" data-e-type=\"section\" data-settings=\"{&quot;stretch_section&quot;:&quot;section-stretched&quot;}\">\n\t\t\t\t\t\t<div class=\"elementor-container elementor-column-gap-default\">\n\t\t\t\t\t<div class=\"elementor-column elementor-col-50 elementor-top-column elementor-element elementor-element-6968c22\" data-id=\"6968c22\" data-element_type=\"column\" data-e-type=\"column\">\n\t\t\t<div class=\"elementor-widget-wrap elementor-element-populated\">\n\t\t\t\t\t\t<div class=\"elementor-element elementor-element-9b26959 elementor-widget elementor-widget-text-editor\" data-id=\"9b26959\" data-element_type=\"widget\" data-e-type=\"widget\" data-widget_type=\"text-editor.default\">\n\t\t\t\t<div class=\"elementor-widget-container\">\n\t\t\t\t\t\t\t\t\t<h4><span style=\"color: #7a7979;\">La biblioth\u00e8que :\n<\/span><\/h4>\n<span style=\"color: #7a7979;\">La biblioth\u00e8que municipale de Coulonges est ouverte depuis janvier 2007. Elle est tenue par des b\u00e9n\u00e9voles (merci \u00e0 elles !). La carte d&rsquo;adh\u00e9rent, en vente \u00e0 la mairie, est de 7 euros par an et par famille. Tous les mois une partie du stock de livres est renouvel\u00e9e aupr\u00e8s de la biblioth\u00e8que du centre culturel de F\u00e8re en Tardenois. Le livre de votre choix peut donc \u00eatre r\u00e9serv\u00e9. Renseignements au bureau de poste.<\/span>\t\t\t\t\t\t\t\t<\/div>\n\t\t\t\t<\/div>\n\t\t\t\t\t<\/div>\n\t\t<\/div>\n\t\t\t\t<div class=\"elementor-column elementor-col-50 elementor-top-column elementor-element elementor-element-9b1d178\" data-id=\"9b1d178\" data-element_type=\"column\" data-e-type=\"column\">\n\t\t\t<div class=\"elementor-widget-wrap elementor-element-populated\">\n\t\t\t\t\t\t<div class=\"elementor-element elementor-element-067b3af elementor-widget elementor-widget-image\" data-id=\"067b3af\" data-element_type=\"widget\" data-e-type=\"widget\" data-widget_type=\"image.default\">\n\t\t\t\t<div class=\"elementor-widget-container\">\n\t\t\t\t\t\t\t\t\t\t\t\t\t\t\t<img loading=\"lazy\" decoding=\"async\" width=\"580\" height=\"580\" src=\"https:\/\/coulonges-cohan.enneite.fr\/wp-content\/uploads\/2020\/07\/icons8-\u00e9tag\u00e8re-\u00e0-livres-64.png\" class=\"attachment-large size-large wp-image-65\" alt=\"logo livre\" srcset=\"https:\/\/coulonges-cohan.enneite.fr\/wp-content\/uploads\/2020\/07\/icons8-\u00e9tag\u00e8re-\u00e0-livres-64.png 768w, https:\/\/coulonges-cohan.enneite.fr\/wp-content\/uploads\/2020\/07\/icons8-\u00e9tag\u00e8re-\u00e0-livres-64-300x300.png 300w, https:\/\/coulonges-cohan.enneite.fr\/wp-content\/uploads\/2020\/07\/icons8-\u00e9tag\u00e8re-\u00e0-livres-64-150x150.png 150w\" sizes=\"(max-width: 580px) 100vw, 580px\" \/>\t\t\t\t\t\t\t\t\t\t\t\t\t\t\t<\/div>\n\t\t\t\t<\/div>\n\t\t\t\t\t<\/div>\n\t\t<\/div>\n\t\t\t\t\t<\/div>\n\t\t<\/section>\n\t\t\t\t<section class=\"elementor-section elementor-top-section elementor-element elementor-element-ef2734a elementor-section-stretched elementor-section-content-middle elementor-section-boxed elementor-section-height-default elementor-section-height-default\" data-id=\"ef2734a\" data-element_type=\"section\" data-e-type=\"section\" data-settings=\"{&quot;stretch_section&quot;:&quot;section-stretched&quot;}\">\n\t\t\t\t\t\t<div class=\"elementor-container elementor-column-gap-default\">\n\t\t\t\t\t<div class=\"elementor-column elementor-col-50 elementor-top-column elementor-element elementor-element-22518e0\" data-id=\"22518e0\" data-element_type=\"column\" data-e-type=\"column\">\n\t\t\t<div class=\"elementor-widget-wrap elementor-element-populated\">\n\t\t\t\t\t\t<div class=\"elementor-element elementor-element-93301f1 elementor-widget elementor-widget-image\" data-id=\"93301f1\" data-element_type=\"widget\" data-e-type=\"widget\" data-widget_type=\"image.default\">\n\t\t\t\t<div class=\"elementor-widget-container\">\n\t\t\t\t\t\t\t\t\t\t\t\t\t\t\t<img loading=\"lazy\" decoding=\"async\" width=\"580\" height=\"435\" src=\"https:\/\/coulonges-cohan.enneite.fr\/wp-content\/uploads\/2020\/07\/eglise-ste-macre-fere-en-tardenois01.jpg\" class=\"attachment-large size-large wp-image-67\" alt=\"\u00e9glise de F\u00e8re en Tardenois\" srcset=\"https:\/\/coulonges-cohan.enneite.fr\/wp-content\/uploads\/2020\/07\/eglise-ste-macre-fere-en-tardenois01.jpg 1000w, https:\/\/coulonges-cohan.enneite.fr\/wp-content\/uploads\/2020\/07\/eglise-ste-macre-fere-en-tardenois01-300x225.jpg 300w, https:\/\/coulonges-cohan.enneite.fr\/wp-content\/uploads\/2020\/07\/eglise-ste-macre-fere-en-tardenois01-768x576.jpg 768w\" sizes=\"(max-width: 580px) 100vw, 580px\" \/>\t\t\t\t\t\t\t\t\t\t\t\t\t\t\t<\/div>\n\t\t\t\t<\/div>\n\t\t\t\t\t<\/div>\n\t\t<\/div>\n\t\t\t\t<div class=\"elementor-column elementor-col-50 elementor-top-column elementor-element elementor-element-df2dceb\" data-id=\"df2dceb\" data-element_type=\"column\" data-e-type=\"column\">\n\t\t\t<div class=\"elementor-widget-wrap elementor-element-populated\">\n\t\t\t\t\t\t<div class=\"elementor-element elementor-element-5ae6426 elementor-widget elementor-widget-text-editor\" data-id=\"5ae6426\" data-element_type=\"widget\" data-e-type=\"widget\" data-widget_type=\"text-editor.default\">\n\t\t\t\t<div class=\"elementor-widget-container\">\n\t\t\t\t\t\t\t\t\t<h4><span style=\"color: #7a7979;\">La paroisse :<br><\/span><\/h4>\n<p><span style=\"color: #7a7979;\">Paroisse Notre Dame des rives de l&rsquo;Ourcq<\/span><\/p><p><span style=\"color: #7a7979;\">Presbyt\u00e8re&nbsp; &#8211; <span style=\"text-decoration: underline;\"><a style=\"color: #7a7979; text-decoration: underline; text-decoration-color: #CD2653;\" href=\"https:\/\/goo.gl\/maps\/3P8kW2qkYQZGj6Td9\" target=\"_blank\" rel=\"noopener\">2 rue Jules LECLERC, 02130 F\u00e8re-en-Tardenois<\/a><\/span><\/span><\/p>\n<p><span style=\"color: #7a7979;\">Messe dominicale les dimanches \u00e0 9 h 30 (mois impairs) ou 11 h (mois pairs) \u00e0 l&rsquo;\u00e9glise Sainte Macre de F\u00e8re-en-Tardenois.<\/span><\/p>\n<p><span style=\"color: #7a7979;\">Permanences t\u00e9l\u00e9phoniques 24h\/24 : <a href=\"tel:0323822458\"><span style=\"text-decoration: underline;\"><span style=\"color: #7a7979; text-decoration: underline; text-decoration-color: #CD2653;\">03 23 82 24 58<\/span><\/span><\/a><\/span><\/p>\t\t\t\t\t\t\t\t<\/div>\n\t\t\t\t<\/div>\n\t\t\t\t<div class=\"elementor-element elementor-element-2e96b1b e-grid-align-left elementor-grid-2 elementor-shape-rounded elementor-widget elementor-widget-social-icons\" data-id=\"2e96b1b\" data-element_type=\"widget\" data-e-type=\"widget\" data-widget_type=\"social-icons.default\">\n\t\t\t\t<div class=\"elementor-widget-container\">\n\t\t\t\t\t\t\t<div class=\"elementor-social-icons-wrapper elementor-grid\" role=\"list\">\n\t\t\t\t\t\t\t<span class=\"elementor-grid-item\" role=\"listitem\">\n\t\t\t\t\t<a class=\"elementor-icon elementor-social-icon elementor-social-icon-facebook elementor-repeater-item-2a91f8f\" href=\"https:\/\/www.facebook.com\/NotreDameDesRivesDeLOurcq\" target=\"_blank\">\n\t\t\t\t\t\t<span class=\"elementor-screen-only\">Facebook<\/span>\n\t\t\t\t\t\t<i aria-hidden=\"true\" class=\"fab fa-facebook\"><\/i>\t\t\t\t\t<\/a>\n\t\t\t\t<\/span>\n\t\t\t\t\t\t\t<span class=\"elementor-grid-item\" role=\"listitem\">\n\t\t\t\t\t<a class=\"elementor-icon elementor-social-icon elementor-social-icon-globe elementor-repeater-item-b367106\" href=\"https:\/\/www.soissons.catholique.fr\/zone-pastorale-de-chateau-thierry\/paroisse-notre-dame-des-rives-de-l-ourcq\/\" target=\"_blank\">\n\t\t\t\t\t\t<span class=\"elementor-screen-only\">Globe<\/span>\n\t\t\t\t\t\t<i aria-hidden=\"true\" class=\"fas fa-globe\"><\/i>\t\t\t\t\t<\/a>\n\t\t\t\t<\/span>\n\t\t\t\t\t<\/div>\n\t\t\t\t\t\t<\/div>\n\t\t\t\t<\/div>\n\t\t\t\t\t<\/div>\n\t\t<\/div>\n\t\t\t\t\t<\/div>\n\t\t<\/section>\n\t\t\t\t<section class=\"elementor-section elementor-top-section elementor-element elementor-element-bf37250 elementor-section-stretched elementor-section-content-middle elementor-section-boxed elementor-section-height-default elementor-section-height-default\" data-id=\"bf37250\" data-element_type=\"section\" data-e-type=\"section\" data-settings=\"{&quot;stretch_section&quot;:&quot;section-stretched&quot;}\">\n\t\t\t\t\t\t<div class=\"elementor-container elementor-column-gap-default\">\n\t\t\t\t\t<div class=\"elementor-column elementor-col-50 elementor-top-column elementor-element elementor-element-fdd8153\" data-id=\"fdd8153\" data-element_type=\"column\" data-e-type=\"column\">\n\t\t\t<div class=\"elementor-widget-wrap elementor-element-populated\">\n\t\t\t\t\t\t<div class=\"elementor-element elementor-element-c757667 elementor-widget elementor-widget-text-editor\" data-id=\"c757667\" data-element_type=\"widget\" data-e-type=\"widget\" data-widget_type=\"text-editor.default\">\n\t\t\t\t<div class=\"elementor-widget-container\">\n\t\t\t\t\t\t\t\t\t<h4><span style=\"color: #7a7979;\">Num\u00e9ros de t\u00e9l\u00e9phone et informations utiles :\n<\/span><\/h4>\n<ul>\n \t<li><span style=\"color: #7a7979;\">Urgence m\u00e9decin : <a style=\"color: #7a7979;\" href=\"tel:15\"><span style=\"text-decoration: underline;text-decoration-color: #CD2653;\">15<\/span><\/a><\/span><\/li>\n \t<li><span style=\"color: #7a7979;\"> Urgence pompiers : <a style=\"color: #7a7979;\" href=\"tel:18\"><span style=\"text-decoration: underline;text-decoration-color: #CD2653;\">18<\/span><\/a> <\/span><\/li>\n \t<li><span style=\"color: #7a7979;\">Gendarmerie de F\u00e8re-en-Tardenois : <span style=\"text-decoration: underline;\"><a style=\"color: #7a7979; text-decoration: underline;text-decoration-color: #CD2653;\" href=\"tel:0323825717\">03 23 82 57 17<\/a><\/span><\/span><\/li>\n \t<li><span style=\"color: #7a7979;\">EDF d\u00e9pannage : <span style=\"text-decoration: underline;\"><a style=\"color: #7a7979; text-decoration: underline;text-decoration-color: #CD2653;\" href=\"tel:0810333202\">0 810 333 202<\/a> <\/span><\/span><\/li>\n \t<li><span style=\"color: #7a7979;\">Informations conseils : <span style=\"text-decoration: underline;\"> <a style=\"color: #7a7979; text-decoration: underline;text-decoration-color: #CD2653;\" href=\"tel:0810347948\">0 810 347 948 <\/a><\/span><\/span><\/li>\n \t<li><span style=\"color: #7a7979;\">GENERALE DES EAUX : Agence Aisne Sud : <a style=\"color: #7a7979;\" href=\"tel:0810108801\"><span style=\"text-decoration: underline;text-decoration-color: #CD2653;\">0 810 108 801<\/span><\/a><\/span><\/li>\n<\/ul>\t\t\t\t\t\t\t\t<\/div>\n\t\t\t\t<\/div>\n\t\t\t\t\t<\/div>\n\t\t<\/div>\n\t\t\t\t<div class=\"elementor-column elementor-col-50 elementor-top-column elementor-element elementor-element-b8b1f9a\" data-id=\"b8b1f9a\" data-element_type=\"column\" data-e-type=\"column\">\n\t\t\t<div class=\"elementor-widget-wrap elementor-element-populated\">\n\t\t\t\t\t\t<div class=\"elementor-element elementor-element-01b42d5 elementor-widget elementor-widget-image\" data-id=\"01b42d5\" data-element_type=\"widget\" data-e-type=\"widget\" data-widget_type=\"image.default\">\n\t\t\t\t<div class=\"elementor-widget-container\">\n\t\t\t\t\t\t\t\t\t\t\t\t\t\t\t<img loading=\"lazy\" decoding=\"async\" width=\"580\" height=\"580\" src=\"https:\/\/coulonges-cohan.enneite.fr\/wp-content\/uploads\/2020\/07\/icons8-t\u00e9l\u00e9phone-qui-sonne-100-1.png\" class=\"attachment-large size-large wp-image-70\" alt=\"logo t\u00e9l\u00e9phone\" srcset=\"https:\/\/coulonges-cohan.enneite.fr\/wp-content\/uploads\/2020\/07\/icons8-t\u00e9l\u00e9phone-qui-sonne-100-1.png 736w, https:\/\/coulonges-cohan.enneite.fr\/wp-content\/uploads\/2020\/07\/icons8-t\u00e9l\u00e9phone-qui-sonne-100-1-300x300.png 300w, https:\/\/coulonges-cohan.enneite.fr\/wp-content\/uploads\/2020\/07\/icons8-t\u00e9l\u00e9phone-qui-sonne-100-1-150x150.png 150w\" sizes=\"(max-width: 580px) 100vw, 580px\" \/>\t\t\t\t\t\t\t\t\t\t\t\t\t\t\t<\/div>\n\t\t\t\t<\/div>\n\t\t\t\t\t<\/div>\n\t\t<\/div>\n\t\t\t\t\t<\/div>\n\t\t<\/section>\n\t\t\t\t<\/div>\n\t\t","protected":false},"excerpt":{"rendered":"<p>Venir \u00e0 Coulonges-Cohan : En train : Gares les plus proches :\u00a0 Dormans (20 km) &#8211; Chateau-Thierry (30 km) &#8211; Reims (40 km) &#8211; Champagne Ardenne TGV (40 km) &#8211; Marne la Vall\u00e9e TGV (90 km) En voiture : Autoroute A4 &#8211; Sortie Dormans &#8211; Prendre \u00e0 droite \u00e0 la sortie du p\u00e9age, puis encore [&hellip;]<\/p>\n","protected":false},"author":1,"featured_media":0,"parent":0,"menu_order":0,"comment_status":"closed","ping_status":"closed","template":"","meta":{"_seopress_robots_primary_cat":"","_seopress_titles_title":"","_seopress_titles_desc":"","_seopress_robots_index":"","_seopress_analysis_target_kw":"","footnotes":""},"class_list":["post-53","page","type-page","status-publish","hentry"],"_links":{"self":[{"href":"https:\/\/coulonges-cohan.enneite.fr\/index.php\/wp-json\/wp\/v2\/pages\/53","targetHints":{"allow":["GET"]}}],"collection":[{"href":"https:\/\/coulonges-cohan.enneite.fr\/index.php\/wp-json\/wp\/v2\/pages"}],"about":[{"href":"https:\/\/coulonges-cohan.enneite.fr\/index.php\/wp-json\/wp\/v2\/types\/page"}],"author":[{"embeddable":true,"href":"https:\/\/coulonges-cohan.enneite.fr\/index.php\/wp-json\/wp\/v2\/users\/1"}],"replies":[{"embeddable":true,"href":"https:\/\/coulonges-cohan.enneite.fr\/index.php\/wp-json\/wp\/v2\/comments?post=53"}],"version-history":[{"count":358,"href":"https:\/\/coulonges-cohan.enneite.fr\/index.php\/wp-json\/wp\/v2\/pages\/53\/revisions"}],"predecessor-version":[{"id":2449,"href":"https:\/\/coulonges-cohan.enneite.fr\/index.php\/wp-json\/wp\/v2\/pages\/53\/revisions\/2449"}],"wp:attachment":[{"href":"https:\/\/coulonges-cohan.enneite.fr\/index.php\/wp-json\/wp\/v2\/media?parent=53"}],"curies":[{"name":"wp","href":"https:\/\/api.w.org\/{rel}","templated":true}]}}